{"id":115,"date":"2020-09-27T19:02:04","date_gmt":"2020-09-27T19:02:04","guid":{"rendered":"https:\/\/jkpvisoko.ba\/?page_id=115"},"modified":"2024-04-12T19:57:00","modified_gmt":"2024-04-12T19:57:00","slug":"elementor-115","status":"publish","type":"page","link":"https:\/\/jkpvisoko.ba\/?page_id=115","title":{"rendered":"Historijat"},"content":{"rendered":"\t\t<div data-elementor-type=\"wp-page\" data-elementor-id=\"115\" class=\"elementor elementor-115\" data-elementor-post-type=\"page\">\n\t\t\t\t\t\t<section class=\"elementor-section elementor-top-section elementor-element elementor-element-3fde3f43 elementor-section-full_width elementor-section-height-default elementor-section-height-default\" data-id=\"3fde3f43\" data-element_type=\"section\">\n\t\t\t\t\t\t<div class=\"elementor-container elementor-column-gap-default\">\n\t\t\t\t\t<div class=\"elementor-column elementor-col-100 elementor-top-column elementor-element elementor-element-b01a07e\" data-id=\"b01a07e\" data-element_type=\"column\">\n\t\t\t<div class=\"elementor-widget-wrap elementor-element-populated\">\n\t\t\t\t\t\t<div class=\"elementor-element elementor-element-762e78ca elementor-widget elementor-widget-spacer\" data-id=\"762e78ca\" data-element_type=\"widget\" data-widget_type=\"spacer.default\">\n\t\t\t\t<div class=\"elementor-widget-container\">\n\t\t\t\t\t\t\t<div class=\"elementor-spacer\">\n\t\t\t<div class=\"elementor-spacer-inner\"><\/div>\n\t\t<\/div>\n\t\t\t\t\t\t<\/div>\n\t\t\t\t<\/div>\n\t\t\t\t<div class=\"elementor-element elementor-element-3aa62a8 elementor-widget elementor-widget-heading\" data-id=\"3aa62a8\" data-element_type=\"widget\" data-widget_type=\"heading.default\">\n\t\t\t\t<div class=\"elementor-widget-container\">\n\t\t\t\t\t<h2 class=\"elementor-heading-title elementor-size-default\">U periodu od 1945.godine do 1963.godine Komunlna uprava bila je u sastavu Op\u0107ine. <\/h2>\t\t\t\t<\/div>\n\t\t\t\t<\/div>\n\t\t\t\t<div class=\"elementor-element elementor-element-1650c23a elementor-widget elementor-widget-text-editor\" data-id=\"1650c23a\" data-element_type=\"widget\" data-widget_type=\"text-editor.default\">\n\t\t\t\t<div class=\"elementor-widget-container\">\n\t\t\t\t\t\t\t\t\t<p><strong>Djelatnost kojima se bavila bile su:<\/strong><\/p><ul><li>odr\u017eavanje vodovoda i kanalizacije\u00a0 \u00a0 \u00a0 \u00a0 \u00a0<\/li><li>\u00a0\u010di\u0161\u0107enje i pranje ulica<\/li><li>odvoz komunalnog otpada<\/li><li>odr\u017eavanje zelenila<\/li><li>\u00a0pogrebna djelatnost<\/li><li>odr\u017eavanje deponije koja se nalazila na u\u0161\u0107u rijeke Bosne i Fojnice<\/li><li>\u00a0gradsko kupatilo<\/li><li>\u00a0zelena i sto\u010dna pijaca<\/li><li>\u00a0gra\u0111evinska operativa (manji gra\u0111evinski i stolarski radovi)<\/li><li>\u00a0Vodovodna mre\u017ea pokrivala je u\u017ei dio grada, primarna mre\u017ea iz perioda austrougarske bila je od ljevano \u017eeljeznih cijevi profila fi 40 i fi 60, a snabdjevanje je vr\u0161eno vodom iz tri rezervoara (dva koja su se nalazila na Percu, a jedan na vrelu Kraljevca).\u00a0 \u00a0 \u00a0 \u00a0 \u00a0 \u00a0 \u00a0 \u00a0 \u00a0 \u00a0 \u00a0 \u00a0 \u00a0\u00a0<\/li><li>Stanovni\u0161tvo se snabdjevalo vodom sa javnih \u010desmi, kojih je u gradu bilo 13, a vrlo mali broj doma\u010dinstava je imao vodu u dvori\u0161ti.\u00a0 \u00a0 \u00a0 \u00a0<\/li><li>\u00a0Kanalizacija je uglavnom bila plo\u010dana i zidana.\u00a0 \u00a0 \u00a0 \u00a0 \u00a0 \u00a0 \u00a0 \u00a0 \u00a0 \u00a0 \u00a0 \u00a0 \u00a0 \u00a0 \u00a0 \u00a0 \u00a0<\/li><li>\u00a0\u010ci\u0161\u0107enje ulica se uglavnom obavljalo ponedjeljkom poslije pazarnog dana\u00a0 \u00a0 \u00a0 \u00a0 \u00a0 \u00a0 \u00a0 \u00a0 \u00a0 \u00a0 \u00a0 \u00a0 \u00a0 \u00a0 \u00a0 \u00a0 \u00a0 \u00a0 \u00a0 \u00a0 \u00a0 \u00a0 \u00a0<\/li><li>\u00a0Komunalni otpad se kupio zapre\u017enim kolima.\u00a0\u00a0<\/li><li>\u00a0Zimsko odr\u017eavanje vr\u0161ilo se drvenom ralicom koju su vukli konji.<\/li><\/ul>\t\t\t\t\t\t\t\t<\/div>\n\t\t\t\t<\/div>\n\t\t\t\t<div class=\"elementor-element elementor-element-3c477f3a elementor-widget elementor-widget-text-editor\" data-id=\"3c477f3a\" data-element_type=\"widget\" data-widget_type=\"text-editor.default\">\n\t\t\t\t<div class=\"elementor-widget-container\">\n\t\t\t\t\t\t\t\t\t<p><strong>Od 01.03.1963.godine formira se komunalno preduze\u0107e \u201cVisoko\u201d sa sjedi\u0161tem na Kraljevcu. <\/strong><\/p><ul><li>Iste godine se radi nova Crpna stanica na Bucima,\u00a0novi vodovod\u00a0 fi 250 mm od ljevano-\u017eeljeznih cijevi du\u017eine cc 2700 m, kao i novi rezervoar od 1200 m3 na Percu. Ukidaju se javne \u010desme i po\u010dinje izgradanja primarne i sekundarne mre\u017ee u ulicama gdje vodovoda nije bilo. \u00a0 \u00a0 \u00a0 \u00a0 \u00a0 \u00a0 \u00a0 \u00a0 \u00a0 \u00a0 \u00a0 \u00a0 \u00a0 \u00a0 \u00a0 \u00a0 \u00a0 \u00a0 \u00a0 \u00a0 \u00a0 \u00a0 \u00a0 \u00a0 \u00a0 \u00a0 \u00a0 \u00a0 \u00a0 \u00a0 \u00a0 \u00a0 \u00a0 \u00a0 \u00a0 \u00a0 \u00a0 \u00a0 \u00a0 \u00a0 \u00a0 \u00a0 \u00a0 \u00a0 \u00a0\u00a0<\/li><li>Uz vodovod po\u010dinje i izgradanja nove i rekonstrukcija stare plo\u010danje kanalizacije, tako da s 1965. godine gradi se kolektor od starog (preno\u010di\u0161ta) hotela (ul.Sime Popi\u0107a) sada Hazima Dedi\u0107a do Doma kulture. \u00a0 \u00a0 \u00a0 \u00a0 \u00a0 \u00a0 \u00a0 \u00a0 \u00a0 \u00a0 \u00a0<\/li><li>U tom periodu po\u010dela je i nabavka mehanizacije \u2013 nabavio se TAM-dvotonac otvoreni za odvoz komunalnog otpada, a kasnije i TAM zatvoreni, kao i cisterna za polijevanje i pranje ulica. \u00a0 \u00a0 \u00a0 \u00a0 \u00a0 \u00a0 \u00a0 \u00a0 \u00a0 \u00a0 \u00a0 \u00a0 \u00a0 \u00a0 \u00a0 \u00a0 \u00a0 \u00a0 \u00a0 \u00a0 \u00a0 \u00a0 \u00a0 \u00a0 \u00a0 \u00a0 \u00a0 \u00a0 \u00a0 \u00a0 \u00a0 \u00a0 \u00a0 \u00a0 \u00a0 \u00a0 \u00a0 \u00a0 \u00a0 \u00a0 \u00a0\u00a0<\/li><li>Komunalni otpad se i dalje odlagalo preko puta Op\u0161tine, na desnoj obali rijeke Bosne iznad starog muslimanskog groblja, gdje je deponija ostala sve do 1975. godine kada se zatvara, a otvara se nova deponija u O\u010dazima. Iste godine nabavlja se i novi sme\u0107ar, a tako\u0111er i autopodiza\u010d kontejnera za odvoz komunalnog otpada iz fabrika.<\/li><\/ul><p><strong>Od 01.01.1978.godine uvo\u0111enjem Zakona o udru\u017eenom radu (ZUR-a), \u201cVisoko\u201d mijenja naziv u KRO (Komunalna radna organizacija) sa dva OOUR-a (Osnovne organizacije udru\u017eenog rada):<\/strong><\/p><ul><li>OOUR \u201cKomunalna djelatnost\u201d<\/li><li>OOUR \u201cGra\u0111evinarstvo\u201d<\/li><li>Ra\u010dunovodstvo, knjigovodstvo, inkaso, pravna slu\u017eba \u2013 opslu\u017eivala je oba predhodna OOUR-a.<\/li><\/ul><p><strong>OOUR \u201cKomunalana djelatnost\u201dostao se baviti:<\/strong><\/p><ul><li>\u00a0odr\u017eavanje vodovoda i kanalizacije<\/li><li>\u00a0prikupljanje, odvoz i deponovanje komunalnog otpada<\/li><li>\u00a0\u010di\u0161\u0107enje i pranje ulica u ljetnom periodu<\/li><li>\u00a0zimsko odr\u017eavanje gradskih ulica i puteva<\/li><\/ul><p><strong>OOUR \u201cGra\u0111evinarstvo\u201d bavio se niskogradnjom i to:<\/strong><\/p><ul><li>\u00a0izgradnja vodovoda i kanalizacije<\/li><li>\u00a0priprema i asfaltiranje puteva<\/li><li>\u00a0postavljanje za\u0161titne \u017ei\u010dane ograde<\/li><\/ul><p>Iz dana u dan KRO \u201cVisoko\u201d se \u0161iri, te se nabavlja nova savremenija mehanizacija, zapo\u0161ljava se i ve\u0107i broj radnika na raznim poslovima.<\/p><p><strong>Prostor na Kraljevcu gdje je sjedi\u0161te Preduze\u0107a postaje neuslovan, tako da se 1980.godine kupuje zemlji\u0161te u Sarajevskoj ulici, te po\u010dinje izgradnja novih poslovnih objekata.<\/strong><\/p><p>\u00a0<\/p><p><strong>Razvojem grada i industrije dolazi do pro\u0161irenja vodovodne mre\u017ee, \u0161to ubrzo dovodi do pomanjkanja vode u mre\u017ei, te po\u010dinju redukcije.<\/strong><\/p><ul><li>1985.godine na Bucima se vr\u0161i ispitivanje (bu\u0161enje) nekoliko bu\u0161otina za iznala\u017eenjem novih koli\u010dina vode. \u00a0 \u00a0 \u00a0 \u00a0<\/li><li>Poslije ispitivanja i nala\u017eenja vode (80 l\/sek.) ura\u0111ena su tri bunara i nabavljene su tri potopne pumpe. \u00a0 \u00a0 \u00a0 \u00a0 \u00a0 \u00a0\u00a0<\/li><li>Kasnije se radi novi cjevovod fi 450 mm u du\u017eini cca 2700 m (Buci-Pertac) i dva rezervoara (jedan rezervoar od 2000 m3, komora i jedan rezervoar od 600 m3 za vr\u0161ne dijelove grada) i Crpna stanica.<\/li><\/ul><p><strong>01.10.1990.godine\u00a0KRO \u201cViso\u010dica\u201d se dijeli na dva Preduze\u0107a i OOUR \u201cKomunalna djelatnost\u201d postaje Javno komunalno preduze\u0107e \u201cViso\u010dica\u201d, a OOUR \u201cGra\u0111evinarstvo\u201d postaje \u201cAsfaltgradnja\u201d.<\/strong><\/p><p><strong>U nadle\u017enosti Jkp \u201cViso\u010dica\u201d Visoko i dalje ostaju:<\/strong><\/p><ul><li>\u00a0vodovod<\/li><li>\u00a0kanalizacija<\/li><li>\u00a0odvoz komunalnog otpada<\/li><li>\u010di\u0161\u0107enje i pranje ulica u ljetnom periodu<\/li><li>odr\u017eavanje gradskih i lokalnih puteva u zimskom periodu<\/li><li>odr\u017eavanje deponije<\/li><\/ul><p>\u00a0<\/p><ul><li>Po\u010detkom rata 1992. godine skoro sva mehanizacija je anga\u017eovana za potrebe Armije BiH.<\/li><li>U tom periodu uspjevali smo obavljati sve poslove iz na\u0161e djelatnosti sa malo ljudi, jer je ve\u0107i dio bio anga\u017eovan u Armiji.<\/li><li>Jedan smo od rijetkih gradova koji je za cijeli period rata imao neprekidno snabdjevanje vodom i redovan odvoz komunalnog otpada.<\/li><li>Poslije rata uz velika odricanja radnika i pomo\u0107i me\u0111unarodne organizacije \u201cIMG\u201d u materijalu uspjeli smo obnoviti objekte preduze\u0107a i vratiti se na svoje (adresa: Sarajevska br.6).<\/li><\/ul><p><strong>U periodu od 2002.godine do 2007.godine dosta toga je ura\u0111eno na pobolj\u0161anju usluga na\u0161im korisnicima:<\/strong><\/p><ul><li>\u00a0broj korisnika sa 4000, pove\u0107ao se na 5000,<\/li><li>\u00a0ura\u0111en je Elaborat za\u0161tite izvori\u0161ta \u201cVrutak\u201d,<\/li><li>\u00a0izvr\u0161eno je ogra\u0111ivanje naju\u017ee zone izvori\u0161ta, postavljeni su dupli branici<\/li><li>\u00a0postavljene su zone vodosnabdjevanja<\/li><li>\u00a0obra\u0107un se po\u010deo vr\u0161iti svaki mjesec, kao i ispostava ra\u010duna<\/li><li>\u00a0inovirana odluka o vodovodu i kanalizaciji<\/li><li>\u00a0zamjenjene su dvije dotrajale pumpe na izvori\u0161tu \u2013 pumpanje 24 sata<\/li><li>\u00a0formira se tim za otkrivanje i sanaciju kvarova<\/li><li>\u00a0vr\u0161i se rekonstrukcija vodovoda na vi\u0161e lokaliteta<\/li><\/ul><p><strong>Danas JKP Visoko d.o.o. Visoko uspje\u0161no obavlja sve poslove iz oblasti vodosnabdijevanja, odvoza komunalnog otpada i radove na kanalizacionom sistemu, uglavnom se sve radi planski kako bi imali \u0161to bolju i kvalitetniju uslugu i kako bi na\u0161i korisnici bili zadovoljni.<\/strong><\/p><p><strong>Jo\u0161 uvijek se radi na rekonstrukcijama vodovodne mre\u017ee, mijenjaju se cijevi stare 100 godina, smanjuju se gubici vode, te vr\u0161i detekcija i sanacija kvarova bez dodatnih prekida u vodosnbdjevanju.<\/strong><\/p><p><strong>Odvoz sme\u0107a se odvija planiranim tokom, sme\u0107e se odvozi na deponiju Mo\u0161\u010danica. Sanacije na kanalizacionom sistemu se obavljaju redovno i na vrijeme.<\/strong><\/p><p><strong>Voda je izvor \u017eivota, stoga nastojimo stvoriti uslove koji \u0107e omogu\u0107iti \u017eivot generacijama koje dolaze.<\/strong><\/p><p>JKP\u00a0 Visoko d.o.o. Visoko<\/p>\t\t\t\t\t\t\t\t<\/div>\n\t\t\t\t<\/div>\n\t\t\t\t\t<\/div>\n\t\t<\/div>\n\t\t\t\t\t<\/div>\n\t\t<\/section>\n\t\t\t\t<\/div>\n\t\t","protected":false},"excerpt":{"rendered":"<p>U periodu od 1945.godine do 1963.godine Komunlna uprava bila je u sastavu Op\u0107ine. Djelatnost kojima se bavila bile su: odr\u017eavanje vodovoda i kanalizacije\u00a0 \u00a0 \u00a0 \u00a0 \u00a0 \u00a0\u010di\u0161\u0107enje i pranje ulica odvoz komunalnog otpada odr\u017eavanje zelenila \u00a0pogrebna djelatnost odr\u017eavanje deponije koja se nalazila na u\u0161\u0107u rijeke Bosne i Fojnice \u00a0gradsko kupatilo \u00a0zelena i sto\u010dna pijaca [&hellip;]<\/p>\n","protected":false},"author":1,"featured_media":0,"parent":0,"menu_order":0,"comment_status":"closed","ping_status":"closed","template":"elementor_header_footer","meta":{"content-type":"","footnotes":""},"class_list":["post-115","page","type-page","status-publish","hentry"],"yoast_head":"<!-- This site is optimized with the Yoast SEO plugin v22.3 - https:\/\/yoast.com\/wordpress\/plugins\/seo\/ -->\n<title>Historijat - JKP Visoko<\/title>\n<meta name=\"robots\" content=\"index, follow, max-snippet:-1, max-image-preview:large, max-video-preview:-1\" \/>\n<link rel=\"canonical\" href=\"https:\/\/jkpvisoko.ba\/?page_id=115\" \/>\n<meta property=\"og:locale\" content=\"bs_BA\" \/>\n<meta property=\"og:type\" content=\"article\" \/>\n<meta property=\"og:title\" content=\"Historijat - JKP Visoko\" \/>\n<meta property=\"og:description\" content=\"U periodu od 1945.godine do 1963.godine Komunlna uprava bila je u sastavu Op\u0107ine. Djelatnost kojima se bavila bile su: odr\u017eavanje vodovoda i kanalizacije\u00a0 \u00a0 \u00a0 \u00a0 \u00a0 \u00a0\u010di\u0161\u0107enje i pranje ulica odvoz komunalnog otpada odr\u017eavanje zelenila \u00a0pogrebna djelatnost odr\u017eavanje deponije koja se nalazila na u\u0161\u0107u rijeke Bosne i Fojnice \u00a0gradsko kupatilo \u00a0zelena i sto\u010dna pijaca [&hellip;]\" \/>\n<meta property=\"og:url\" content=\"https:\/\/jkpvisoko.ba\/?page_id=115\" \/>\n<meta property=\"og:site_name\" content=\"JKP Visoko\" \/>\n<meta property=\"article:modified_time\" content=\"2024-04-12T19:57:00+00:00\" \/>\n<meta name=\"twitter:card\" content=\"summary_large_image\" \/>\n<meta name=\"twitter:label1\" content=\"Est. reading time\" \/>\n\t<meta name=\"twitter:data1\" content=\"5 minuta\" \/>\n<script type=\"application\/ld+json\" class=\"yoast-schema-graph\">{\"@context\":\"https:\/\/schema.org\",\"@graph\":[{\"@type\":\"WebPage\",\"@id\":\"https:\/\/jkpvisoko.ba\/?page_id=115\",\"url\":\"https:\/\/jkpvisoko.ba\/?page_id=115\",\"name\":\"Historijat - JKP Visoko\",\"isPartOf\":{\"@id\":\"https:\/\/jkpvisoko.ba\/#website\"},\"datePublished\":\"2020-09-27T19:02:04+00:00\",\"dateModified\":\"2024-04-12T19:57:00+00:00\",\"breadcrumb\":{\"@id\":\"https:\/\/jkpvisoko.ba\/?page_id=115#breadcrumb\"},\"inLanguage\":\"bs-BA\",\"potentialAction\":[{\"@type\":\"ReadAction\",\"target\":[\"https:\/\/jkpvisoko.ba\/?page_id=115\"]}]},{\"@type\":\"BreadcrumbList\",\"@id\":\"https:\/\/jkpvisoko.ba\/?page_id=115#breadcrumb\",\"itemListElement\":[{\"@type\":\"ListItem\",\"position\":1,\"name\":\"Home\",\"item\":\"https:\/\/jkpvisoko.ba\/\"},{\"@type\":\"ListItem\",\"position\":2,\"name\":\"Historijat\"}]},{\"@type\":\"WebSite\",\"@id\":\"https:\/\/jkpvisoko.ba\/#website\",\"url\":\"https:\/\/jkpvisoko.ba\/\",\"name\":\"JKP Visoko\",\"description\":\"Zvani\u010dna stranica za Javno komunalno preduze\u0107e &quot;Visoko&quot;\",\"potentialAction\":[{\"@type\":\"SearchAction\",\"target\":{\"@type\":\"EntryPoint\",\"urlTemplate\":\"https:\/\/jkpvisoko.ba\/?s={search_term_string}\"},\"query-input\":\"required name=search_term_string\"}],\"inLanguage\":\"bs-BA\"}]}<\/script>\n<!-- \/ Yoast SEO plugin. -->","yoast_head_json":{"title":"Historijat - JKP Visoko","robots":{"index":"index","follow":"follow","max-snippet":"max-snippet:-1","max-image-preview":"max-image-preview:large","max-video-preview":"max-video-preview:-1"},"canonical":"https:\/\/jkpvisoko.ba\/?page_id=115","og_locale":"bs_BA","og_type":"article","og_title":"Historijat - JKP Visoko","og_description":"U periodu od 1945.godine do 1963.godine Komunlna uprava bila je u sastavu Op\u0107ine. Djelatnost kojima se bavila bile su: odr\u017eavanje vodovoda i kanalizacije\u00a0 \u00a0 \u00a0 \u00a0 \u00a0 \u00a0\u010di\u0161\u0107enje i pranje ulica odvoz komunalnog otpada odr\u017eavanje zelenila \u00a0pogrebna djelatnost odr\u017eavanje deponije koja se nalazila na u\u0161\u0107u rijeke Bosne i Fojnice \u00a0gradsko kupatilo \u00a0zelena i sto\u010dna pijaca [&hellip;]","og_url":"https:\/\/jkpvisoko.ba\/?page_id=115","og_site_name":"JKP Visoko","article_modified_time":"2024-04-12T19:57:00+00:00","twitter_card":"summary_large_image","twitter_misc":{"Est. reading time":"5 minuta"},"schema":{"@context":"https:\/\/schema.org","@graph":[{"@type":"WebPage","@id":"https:\/\/jkpvisoko.ba\/?page_id=115","url":"https:\/\/jkpvisoko.ba\/?page_id=115","name":"Historijat - JKP Visoko","isPartOf":{"@id":"https:\/\/jkpvisoko.ba\/#website"},"datePublished":"2020-09-27T19:02:04+00:00","dateModified":"2024-04-12T19:57:00+00:00","breadcrumb":{"@id":"https:\/\/jkpvisoko.ba\/?page_id=115#breadcrumb"},"inLanguage":"bs-BA","potentialAction":[{"@type":"ReadAction","target":["https:\/\/jkpvisoko.ba\/?page_id=115"]}]},{"@type":"BreadcrumbList","@id":"https:\/\/jkpvisoko.ba\/?page_id=115#breadcrumb","itemListElement":[{"@type":"ListItem","position":1,"name":"Home","item":"https:\/\/jkpvisoko.ba\/"},{"@type":"ListItem","position":2,"name":"Historijat"}]},{"@type":"WebSite","@id":"https:\/\/jkpvisoko.ba\/#website","url":"https:\/\/jkpvisoko.ba\/","name":"JKP Visoko","description":"Zvani\u010dna stranica za Javno komunalno preduze\u0107e &quot;Visoko&quot;","potentialAction":[{"@type":"SearchAction","target":{"@type":"EntryPoint","urlTemplate":"https:\/\/jkpvisoko.ba\/?s={search_term_string}"},"query-input":"required name=search_term_string"}],"inLanguage":"bs-BA"}]}},"_links":{"self":[{"href":"https:\/\/jkpvisoko.ba\/index.php?rest_route=\/wp\/v2\/pages\/115","targetHints":{"allow":["GET"]}}],"collection":[{"href":"https:\/\/jkpvisoko.ba\/index.php?rest_route=\/wp\/v2\/pages"}],"about":[{"href":"https:\/\/jkpvisoko.ba\/index.php?rest_route=\/wp\/v2\/types\/page"}],"author":[{"embeddable":true,"href":"https:\/\/jkpvisoko.ba\/index.php?rest_route=\/wp\/v2\/users\/1"}],"replies":[{"embeddable":true,"href":"https:\/\/jkpvisoko.ba\/index.php?rest_route=%2Fwp%2Fv2%2Fcomments&post=115"}],"version-history":[{"count":17,"href":"https:\/\/jkpvisoko.ba\/index.php?rest_route=\/wp\/v2\/pages\/115\/revisions"}],"predecessor-version":[{"id":7527,"href":"https:\/\/jkpvisoko.ba\/index.php?rest_route=\/wp\/v2\/pages\/115\/revisions\/7527"}],"wp:attachment":[{"href":"https:\/\/jkpvisoko.ba\/index.php?rest_route=%2Fwp%2Fv2%2Fmedia&parent=115"}],"curies":[{"name":"wp","href":"https:\/\/api.w.org\/{rel}","templated":true}]}}